{"id":22,"date":"2015-08-11T21:10:47","date_gmt":"2015-08-11T21:10:47","guid":{"rendered":"https:\/\/eoscamaras.com.br\/?page_id=22"},"modified":"2023-11-17T14:12:32","modified_gmt":"2023-11-17T17:12:32","slug":"termoisolantes","status":"publish","type":"page","link":"https:\/\/eos.com.br\/suaempresa\/termoisolantes\/","title":{"rendered":"Termoisolantes"},"content":{"rendered":"\n<h4>A ind\u00fastria EOS termoisolantes oferece c\u00e2maras, portas e pain\u00e9is frigor\u00edficos de <strong>fabrica\u00e7\u00e3o pr\u00f3pria<\/strong> que utilizam das mais novas tecnologias e garantem <strong>perfeito isolamento<\/strong>.<\/h4>\n\n\n\n<div class=\"sizeHalf\"><a class=\"cboxElement clip\" title=\"Ind\u00fastria de Cachoeirinha\/RS\" href=\"https:\/\/eos.com.br\/suaempresa\/wp-content\/themes\/EOS\/img\/eos-industria1.jpg\" rel=\"lightbox[termo-sobre]\"><img style=\"margin-top: -5%;\" src=\"https:\/\/eos.com.br\/suaempresa\/wp-content\/themes\/EOS\/img\/eos-industria1.jpg\" alt=\"Ind\u00fastria de Cachoeirinha\/RS\"><\/a><p><\/p>\n<p style=\"font-size: 11px;\">Ind\u00fastria de Cachoeirinha\/RS<\/p>\n<\/div>\n\n\n\n<div class=\"sizeHalf last\"><a class=\"cboxElement clip\" title=\"Ind\u00fastria de Jo\u00e3o Pessoa\/PA.\" href=\"https:\/\/eos.com.br\/suaempresa\/wp-content\/uploads\/2016\/10\/DJI_0020-1_corte.jpg\" rel=\"lightbox[termo-sobre]\"><img style=\"margin-top: -10%;\" src=\"https:\/\/eos.com.br\/suaempresa\/wp-content\/uploads\/2023\/11\/joao-pessoa.jpg\" alt=\"Ind\u00fastria de Jo\u00e3o Pessoa\/PA.\"><\/a><p><\/p>\n<p style=\"font-size: 11px;\">Ind\u00fastria de Jo\u00e3o Pessoa\/PB<\/p>\n<\/div>\n\n\n\n<div class=\"sizeFull\" style=\"margin: 50px 0 30px; display: inline-block;\">\n<div class=\"size1\"><a class=\"fale-conosco\" target=\"_blank\" href=\"https:\/\/wa.me\/5551998028999?text=Ol%C3%A1+eu+gostaria+de+um+or%C3%A7amento\" rel=\"noopener\"><br>\n<strong style=\"font-size: 28px;\">Fa\u00e7a um or\u00e7amento <\/strong><br>\n<\/a><\/div>\n<div class=\"size2 last\"><span style=\"font-size: 15px; color: #428bca;\">Linhas de financiamento:<\/span><br>\n<img src=\"https:\/\/eos.com.br\/suaempresa\/wp-content\/themes\/EOS\/img\/financiamento.jpg\" alt=\"BNDES, FINAME, MasterCard, Visa\"><\/div>\n<\/div>\n\n\n\n<div class=\"sizeFull clear subSection camaras\">\n<h3><a href=\"camaras-frigorificas\">c\u00e2maras frigor\u00edficas<\/a><\/h3>\n<hr>\n<figure><img src=\"https:\/\/eos.com.br\/suaempresa\/wp-content\/themes\/EOS\/img\/termoisolantes-camaras-frigorificas.jpg\"><\/figure><div class=\"size1\"><\/div>\n<div class=\"size2 last\">\n<p>As c\u00e2maras EOS s\u00e3o feitas especialmente para atender as necessidades da sua empresa. Converse com nossa equipe de engenheiros e escolha a op\u00e7\u00e3o mais adequada: c\u00e2maras sob medida, c\u00e2maras padronizadas ou os componentes em separado, para voc\u00ea mesmo instalar.<\/p>\n<p><a href=\"camaras-frigorificas\/#resfriados15\">-Resfriados de 0\u00baC a 15\u00baC<\/a><br>\n<a href=\"camaras-frigorificas\/#congelados18\">-Congelados -18\u00baC<\/a><br>\n<a href=\"camaras-frigorificas\/#congelados25\">-Congelados -25\u00baC<\/a><br>\n<a href=\"camaras-frigorificas\/#camaras-modulares\">-C\u00e2maras moduladas<\/a><br>\n<a href=\"camaras-frigorificas\/#projetos-industriais\">-Projetos industriais<\/a><\/p>\n<\/div>\n<\/div>\n\n\n\n<div class=\"sizeFull clear subSection portas\">\n<h3><a href=\"camaras-frigorificas\">portas frigor\u00edficas<\/a><\/h3>\n<hr>\n<figure><img style=\"margin-left: 25px;\" src=\"https:\/\/eos.com.br\/suaempresa\/wp-content\/themes\/EOS\/img\/termoisolantes-portas-frigorificas.jpg\"><\/figure><div class=\"size1\"><\/div>\n<div class=\"size2 last\">\n<p>Sempre buscando oferecer os melhores produtos, nossas portas frigor\u00edficas e demais componentes s\u00e3o desenvolvidos e produzidos em conformidade com os mais rigorosos padr\u00f5es internacionais &#8211; utilizando as mais modernas tecnologias e maquin\u00e1rio.<\/p>\n<p><a href=\"portas-frigorificas\/#portas-giratorias\">-Girat\u00f3rias<\/a><br>\n<a href=\"portas-frigorificas\/#portas-de-correr\">-De correr<\/a><br>\n<a href=\"portas-frigorificas\/#portas-painel\">-Portas painel<\/a><br>\n<a href=\"portas-frigorificas\/#portas-vai-e-vem\">-Vai e vem<\/a><br>\n<a href=\"portas-frigorificas\/#portas-ufficio\">-Ufficio<\/a><br>\n<a href=\"portas-frigorificas\/#portas-automaticas\">-Autom\u00e1ticas<\/a><br>\n<a href=\"portas-frigorificas\/#portas-com-passagem-de-trilho\">-Com passagem de trilho<\/a><br>\n<a href=\"portas-frigorificas\/#portas-de-logistica\">-De log\u00edstica<\/a><\/p>\n<\/div>\n<\/div>\n\n\n\n<div class=\"sizeFull clear subSection paineis\">\n<h3><a href=\"camaras-frigorificas\">pain\u00e9is isolantes<\/a><\/h3>\n<hr>\n<figure><img src=\"https:\/\/eos.com.br\/suaempresa\/wp-content\/themes\/EOS\/img\/paineis.png\"><\/figure><div class=\"size1\"><\/div>\n<div class=\"size2 last\">\n<p>Os pain\u00e9is Isolantes EOS s\u00e3o fabricados com revestimento em ambas as faces em a\u00e7o zincado interligados por um n\u00facleo isolante em EPS (poliestireno expandido), livre de CFC, com retardante \u00e0 chama.<\/p>\n<p><a style=\"font-size: 20px; padding: 20px 30px; width: inherit;\" href=\"paineis-isolantes\">Saiba mais<\/a><\/p>\n<\/div>\n<\/div>\n\n\n\n<hr class=\"wp-block-separator\"\/>\n\n\n\n<div class=\"updates sizeHalf\"><span class=\"category\">Lan\u00e7amento<\/span><p><\/p>\n<figure><img style=\"bottom: 0; margin-top: 0; margin-bottom: -44px;\" src=\"https:\/\/eos.com.br\/suaempresa\/wp-content\/themes\/EOS\/img\/termoisolantes-570tr-reverse.jpg\"><\/figure><div><\/div>\n<div class=\"wrap\">\n<p class=\"subcategory\">Portas Frigor\u00edficas<\/p>\n<h4>570-TR Reverse<\/h4>\n<p><a href=\"https:\/\/eos.com.br\/suaempresa\/wp-content\/uploads\/2016\/11\/FolderA4-Reverse.pdf\" target=\"_blank\" rel=\"noopener\">Abrir PDF<\/a><\/p>\n<\/div>\n<\/div>\n\n\n\n<div class=\"updates sizeHalf last\"><span class=\"category\">Feira<\/span><p><\/p>\n<figure><img src=\"https:\/\/eos.com.br\/suaempresa\/wp-content\/uploads\/2016\/04\/expoagas-2016.jpg\"><\/figure><div><\/div>\n<div class=\"wrap\">\n<h4>Expoagas 2016<\/h4>\n<p><a href=\"https:\/\/eos.com.br\/suaempresa\/expoagas-2016\">Saiba mais<\/a><\/p>\n<\/div>\n<\/div>\n\n\n\n<div class=\"updates sizeHalf\"><span class=\"category\">Cat\u00e1logo<\/span><p><\/p>\n<figure><img style=\"border: 1px solid #00b5ac;\" src=\"https:\/\/eos.com.br\/suaempresa\/wp-content\/themes\/EOS\/img\/folder-especialidades.png\"><\/figure><div><\/div>\n<div class=\"wrap\">\n<p class=\"subcategory\">C\u00e2maras Frigor\u00edficas<\/p>\n<h4>Cat\u00e1logo de C\u00e2maras Frigorificas Especialidades EOS<\/h4>\n<p><a href=\"https:\/\/eos.com.br\/suaempresa\/wp-content\/uploads\/2016\/03\/Folder_Especialidades.pdf\" target=\"_blank\" rel=\"noopener\">Abrir cat\u00e1logo<\/a><\/p>\n<\/div>\n<\/div>\n\n\n\n<div class=\"updates sizeHalf last\"><span class=\"category\">Cat\u00e1logo<\/span><p><\/p>\n<figure><img style=\"border: 1px solid #00b5ac; width: 100px;\" src=\"https:\/\/eos.com.br\/suaempresa\/wp-content\/themes\/EOS\/img\/a4-paineis-isolantes.png\"><\/figure><div><\/div>\n<div class=\"wrap\">\n<p class=\"subcategory\">Pain\u00e9is Frigor\u00edficos<\/p>\n<h4>Cat\u00e1logo de Pain\u00e9is Isolantes EOS<\/h4>\n<p><a href=\"https:\/\/eos.com.br\/suaempresa\/wp-content\/uploads\/2016\/03\/Folheto-A4-EOS-Pain\u00e9is.pdf\" target=\"_blank\" rel=\"noopener\">Abrir cat\u00e1logo<\/a><\/p>\n<\/div>\n<\/div>\n\n\n\n<div class=\"updates sizeHalf\"><span class=\"category\">Cat\u00e1logo<\/span><p><\/p>\n<figure><img style=\"border: 1px solid #00b5ac;\" src=\"https:\/\/eos.com.br\/suaempresa\/wp-content\/uploads\/2023\/11\/Catalogo_EOS_portas_thumb.png\"><\/figure><div><\/div>\n<div class=\"wrap\">\n<p class=\"subcategory\">Portas Frigor\u00edficas<\/p>\n<h4>Cat\u00e1logo de Portas Frigor\u00edficas EOS<\/h4>\n<p><a href=\"https:\/\/eos.com.br\/suaempresa\/wp-content\/uploads\/2020\/06\/FolderPortasFrigorificas_EOS.pdf\" target=\"_blank\" rel=\"noopener\">Abrir cat\u00e1logo<\/a><\/p>\n<\/div>\n<\/div>\n\n\n\n<hr class=\"wp-block-separator\"\/>\n\n\n\n<div>\n<p style=\"font-size: 22px; color: #069ac0;\">Ind\u00fastria Termoisolantes:<\/p>\n<p>Ind\u00fastria de Cachoeirinha:<br>\nAv. Cruzeiro, 899\/02 \u2013 Distrito Industrial &#8211; Cachoeirinha \/ RS<br>\nFone (51)2131-8923 &#8211; CEP 94930-615<\/p>\n<p>Ind\u00fastria de Jo\u00e3o Pessoa:<br>\nBR101, km 1.5 s\/n, Galp\u00e3o 4, Bloco D \u2013 Distrito Industrial<br>\nCEP 58082-000<\/p>\n<\/div>\n","protected":false},"excerpt":{"rendered":"<p>A ind\u00fastria EOS termoisolantes oferece c\u00e2maras, portas e pain\u00e9is frigor\u00edficos de fabrica\u00e7\u00e3o pr\u00f3pria que utilizam das mais novas tecnologias e garantem perfeito isolamento. Ind\u00fastria de Cachoeirinha\/RS Ind\u00fastria de Jo\u00e3o Pessoa\/PB Fa\u00e7a um or\u00e7amento Linhas de financiamento: c\u00e2maras frigor\u00edficas As c\u00e2maras EOS s\u00e3o feitas especialmente para atender as necessidades da sua empresa. Converse com nossa equipe <a class=\"read-more\" href=\"https:\/\/eos.com.br\/suaempresa\/termoisolantes\/\">&#8230;read more<\/a><\/p>\n","protected":false},"author":1,"featured_media":0,"parent":0,"menu_order":0,"comment_status":"closed","ping_status":"open","template":"template-termoisolantes.php","meta":[],"_links":{"self":[{"href":"https:\/\/eos.com.br\/suaempresa\/wp-json\/wp\/v2\/pages\/22"}],"collection":[{"href":"https:\/\/eos.com.br\/suaempresa\/wp-json\/wp\/v2\/pages"}],"about":[{"href":"https:\/\/eos.com.br\/suaempresa\/wp-json\/wp\/v2\/types\/page"}],"author":[{"embeddable":true,"href":"https:\/\/eos.com.br\/suaempresa\/wp-json\/wp\/v2\/users\/1"}],"replies":[{"embeddable":true,"href":"https:\/\/eos.com.br\/suaempresa\/wp-json\/wp\/v2\/comments?post=22"}],"version-history":[{"count":12,"href":"https:\/\/eos.com.br\/suaempresa\/wp-json\/wp\/v2\/pages\/22\/revisions"}],"predecessor-version":[{"id":2116,"href":"https:\/\/eos.com.br\/suaempresa\/wp-json\/wp\/v2\/pages\/22\/revisions\/2116"}],"wp:attachment":[{"href":"https:\/\/eos.com.br\/suaempresa\/wp-json\/wp\/v2\/media?parent=22"}],"curies":[{"name":"wp","href":"https:\/\/api.w.org\/{rel}","templated":true}]}}